{"id":39,"date":"2016-11-17T22:09:34","date_gmt":"2016-11-17T21:09:34","guid":{"rendered":"https:\/\/lbkt86.wordpress.com\/?page_id=39"},"modified":"2019-09-11T16:03:16","modified_gmt":"2019-09-11T14:03:16","slug":"petite-peur","status":"publish","type":"page","link":"https:\/\/lbkt.fr\/index.php\/spectacles\/petite-peur\/","title":{"rendered":"Petite Peur"},"content":{"rendered":"\n<h3 class=\"wp-block-heading\">L&rsquo;histoire :<\/h3>\n\n\n\n<p class=\"text_justify\"><span class=\"font_8\"><span class=\"bold\">\u00c9p\u00f4 est en voyage.&nbsp;<\/span><\/span><span class=\"font_8\"><span class=\"bold\">C&rsquo;est le soir, il s&rsquo;appr\u00eate avec bonheur \u00e0 se coucher&nbsp;dans sa chambre d&rsquo;h\u00f4tel, quand un bruit l&rsquo;interpelle&#8230;<\/span><\/span><\/p>\n\n\n\n<p class=\"text_justify\"><span class=\"font_8\"><span class=\"bold\">Est-ce une pr\u00e9sence inconnue?&nbsp;<\/span><\/span><span class=\"font_8\"><span class=\"bold\">Un petit animal?&nbsp;<\/span><\/span><span class=\"font_8\"><span class=\"bold\"><span class=\"CSS1Compat\">Son imagination?<\/span><\/span><\/span><\/p>\n\n\n\n<p class=\"text_justify\"><span class=\"font_8\"><span class=\"bold\"><span class=\"CSS1Compat\"><span class=\"alignJustify\">Impossible pour lui d&rsquo;identifier d&rsquo;o\u00f9 cela provient.<\/span><\/span><\/span><\/span><\/p>\n\n\n\n<p class=\"text_justify\"><span class=\"font_8\"><span class=\"bold\">Dans cette chambre \u00e9trang\u00e8re, sans rep\u00e8re, son attention peu \u00e0 peu va se focaliser sur ce bruit.&nbsp;<\/span><\/span>L&rsquo;inqui\u00e9tude commence \u00e0 na\u00eetre, puis la peur, le bruit revient, la peur monte&#8230; Brusquement le noir survient, et Ep\u00f4 bascule dans un univers d\u00e9cal\u00e9, r\u00eave ou cauchemar, o\u00f9 se jouent ses propres fantasmes.<\/p>\n\n\n\n<div class=\"wp-block-image\"><figure class=\"aligncenter\"><img loading=\"lazy\" decoding=\"async\" width=\"3872\" height=\"2592\" src=\"http:\/\/lbkt.fr\/wp-content\/uploads\/2016\/11\/epc3b4-1.jpg?w=1024\" alt=\"epo-1\" class=\"wp-image-63\" srcset=\"https:\/\/lbkt.fr\/wp-content\/uploads\/2016\/11\/epc3b4-1.jpg 3872w, https:\/\/lbkt.fr\/wp-content\/uploads\/2016\/11\/epc3b4-1-300x201.jpg 300w, https:\/\/lbkt.fr\/wp-content\/uploads\/2016\/11\/epc3b4-1-768x514.jpg 768w, https:\/\/lbkt.fr\/wp-content\/uploads\/2016\/11\/epc3b4-1-1024x685.jpg 1024w, https:\/\/lbkt.fr\/wp-content\/uploads\/2016\/11\/epc3b4-1-1568x1050.jpg 1568w\" sizes=\"auto, (max-width: 3872px) 100vw, 3872px\" \/><\/figure><\/div>\n\n\n\n<hr class=\"wp-block-separator\"\/>\n\n\n\n<h3 class=\"alignJustify wp-block-heading\">La Chambre :<\/h3>\n\n\n\n<p class=\"text_justify\">Les lumi\u00e8res de la chambre&nbsp;\u00e9voluent au rythme de la peur d\u2019\u00c9p\u00f4.<br>Il y a la lumi\u00e8re de la chambre d\u2019h\u00f4tel, et puis il y a la p\u00e9nombre,&nbsp;cet entre-deux entre veille et sommeil, entre r\u00eave et r\u00e9alit\u00e9,&nbsp;lumi\u00e8re de ses r\u00eaves et de ses cauchemars&#8230;<\/p>\n\n\n\n<p class=\"text_justify\"><span class=\"font_8\"><span class=\"bold\">Dans cette obscurit\u00e9, plus ou moins prononc\u00e9e,&nbsp;l\u2019attention port\u00e9e aux sons grandit.&nbsp;<\/span><\/span><span class=\"font_8\"><span class=\"bold\">Le spectacle a tr\u00e8s peu de texte.&nbsp;<\/span><\/span><span class=\"font_8\"><span class=\"bold\">Il repose essentiellement sur la manipulation et les \u00e9motions d\u2019\u00c9p\u00f4.<\/span><\/span><\/p>\n\n\n\n<p class=\"text_justify\">L\u2019univers sonore: bruitages, \u201cgrommelots\u201d,&nbsp;souffles, est assur\u00e9 par les manipulatrices.<br>Nous avons souhait\u00e9 qu\u2019il y ait peu de paroles&nbsp;dans ce spectacle, afin de pr\u00e9server&nbsp;le caract\u00e8re universel d\u2019\u00c9p\u00f4.<\/p>\n\n\n\n<div class=\"wp-block-image\"><figure class=\"aligncenter\"><img loading=\"lazy\" decoding=\"async\" width=\"3872\" height=\"2592\" src=\"http:\/\/lbkt.fr\/wp-content\/uploads\/2016\/11\/epc3b4-3.jpg\" alt=\"epo-3\" class=\"wp-image-64\" srcset=\"https:\/\/lbkt.fr\/wp-content\/uploads\/2016\/11\/epc3b4-3.jpg 3872w, https:\/\/lbkt.fr\/wp-content\/uploads\/2016\/11\/epc3b4-3-300x201.jpg 300w, https:\/\/lbkt.fr\/wp-content\/uploads\/2016\/11\/epc3b4-3-768x514.jpg 768w, https:\/\/lbkt.fr\/wp-content\/uploads\/2016\/11\/epc3b4-3-1024x685.jpg 1024w, https:\/\/lbkt.fr\/wp-content\/uploads\/2016\/11\/epc3b4-3-1568x1050.jpg 1568w\" sizes=\"auto, (max-width: 3872px) 100vw, 3872px\" \/><\/figure><\/div>\n\n\n\n<hr class=\"wp-block-separator\"\/>\n\n\n\n<h3 class=\"alignJustify wp-block-heading\">L&rsquo;\u00e9quipe :<\/h3>\n\n\n\n<p class=\"alignJustify\"><span class=\"font_8\"><span class=\"bold\">Conception et interpr\u00e9tation :&nbsp;<\/span><\/span><span class=\"font_8\"><span class=\"bold\">V\u00e9ronique Hervou\u00ebt \/\/&nbsp;<\/span><\/span><span class=\"font_8\"><span class=\"bold\">Clotilde Payen \/\/<\/span><\/span><span class=\"font_8\"><span class=\"bold\">H\u00e9l\u00e8ne Rousselle \/\/ et&nbsp;\u00c9p\u00f4<\/span><\/span><\/p>\n\n\n\n<p class=\"alignJustify\"><span class=\"font_8\"><span class=\"bold\">Regard ext\u00e9rieur :&nbsp;Gwena\u00eblle Mendon\u00e7a \/\/&nbsp;Conseils marionnette :&nbsp;Anne Dupagne <\/span><\/span><\/p>\n\n\n\n<p><span class=\"bold\"><span class=\"bold\">Cr\u00e9ation marionnette :&nbsp;H\u00e9l\u00e8ne Rousselle \/\/&nbsp;<span class=\"CSS1Compat\">Costumes :&nbsp;<\/span>Virginie Corfa <\/span><\/span><\/p>\n\n\n\n<p><span class=\"bold\"><span class=\"bold\">Accessoires :&nbsp;Franck Bruneau &amp;&nbsp;Matthieu Henriot \/\/&nbsp;Photographies :&nbsp;Marie Augustin<\/span><\/span><\/p>\n\n\n\n<hr class=\"wp-block-separator\"\/>\n\n\n\n<figure><iframe loading=\"lazy\" src=\"https:\/\/player.vimeo.com\/video\/116204942\" width=\"640\" height=\"360\" frameborder=\"0\" allow=\"autoplay; fullscreen\" allowfullscreen=\"\"><\/iframe><\/figure>\n\n\n\n<p><a href=\"https:\/\/vimeo.com\/116204942\">Petite Peur &#8211; Teaser<\/a> from <a href=\"https:\/\/vimeo.com\/user36190301\">Barak&rsquo;a th\u00e9\u00e2tre<\/a> on <a href=\"https:\/\/vimeo.com\">Vimeo<\/a>.<\/p>\n","protected":false},"excerpt":{"rendered":"<p>L&rsquo;histoire : \u00c9p\u00f4 est en voyage.&nbsp;C&rsquo;est le soir, il s&rsquo;appr\u00eate avec bonheur \u00e0 se coucher&nbsp;dans sa chambre d&rsquo;h\u00f4tel, quand un bruit l&rsquo;interpelle&#8230; Est-ce une pr\u00e9sence inconnue?&nbsp;Un petit animal?&nbsp;Son imagination? Impossible pour lui d&rsquo;identifier d&rsquo;o\u00f9 cela provient. Dans cette chambre \u00e9trang\u00e8re, sans rep\u00e8re, son attention peu \u00e0 peu va se focaliser sur ce bruit.&nbsp;L&rsquo;inqui\u00e9tude commence \u00e0 [&hellip;]<\/p>\n","protected":false},"author":2,"featured_media":0,"parent":27,"menu_order":0,"comment_status":"closed","ping_status":"closed","template":"","meta":{"footnotes":""},"class_list":["post-39","page","type-page","status-publish","hentry"],"jetpack_sharing_enabled":true,"_links":{"self":[{"href":"https:\/\/lbkt.fr\/index.php\/wp-json\/wp\/v2\/pages\/39","targetHints":{"allow":["GET"]}}],"collection":[{"href":"https:\/\/lbkt.fr\/index.php\/wp-json\/wp\/v2\/pages"}],"about":[{"href":"https:\/\/lbkt.fr\/index.php\/wp-json\/wp\/v2\/types\/page"}],"author":[{"embeddable":true,"href":"https:\/\/lbkt.fr\/index.php\/wp-json\/wp\/v2\/users\/2"}],"replies":[{"embeddable":true,"href":"https:\/\/lbkt.fr\/index.php\/wp-json\/wp\/v2\/comments?post=39"}],"version-history":[{"count":9,"href":"https:\/\/lbkt.fr\/index.php\/wp-json\/wp\/v2\/pages\/39\/revisions"}],"predecessor-version":[{"id":177,"href":"https:\/\/lbkt.fr\/index.php\/wp-json\/wp\/v2\/pages\/39\/revisions\/177"}],"up":[{"embeddable":true,"href":"https:\/\/lbkt.fr\/index.php\/wp-json\/wp\/v2\/pages\/27"}],"wp:attachment":[{"href":"https:\/\/lbkt.fr\/index.php\/wp-json\/wp\/v2\/media?parent=39"}],"curies":[{"name":"wp","href":"https:\/\/api.w.org\/{rel}","templated":true}]}}